{"id":136,"date":"2021-05-10T13:38:28","date_gmt":"2021-05-10T11:38:28","guid":{"rendered":"https:\/\/calandretapamiers.wordpress.com\/?page_id=136"},"modified":"2021-05-10T13:38:28","modified_gmt":"2021-05-10T11:38:28","slug":"accueil-3","status":"publish","type":"page","link":"https:\/\/www.calandreta-pamias.fr\/","title":{"rendered":"Accueil"},"content":{"rendered":"\n<div class=\"wp-block-media-text alignfull has-media-on-the-right is-stacked-on-mobile is-image-fill has-primary-background-color has-background\"><figure class=\"wp-block-media-text__media\" style=\"background-image:url('https:\/\/calandreta.sytes.net\/wordpress\/wp-content\/uploads\/2021\/05\/accueilok-e1620646899234-1.jpg?w=737');background-position:50% 50%;\"><img loading=\"lazy\" decoding=\"async\" width=\"737\" height=\"720\" src=\"https:\/\/calandreta.sytes.net\/wordpress\/wp-content\/uploads\/2021\/05\/accueilok-e1620646899234-1.jpg?w=737\" alt=\"\" class=\"wp-image-133 size-full\" srcset=\"https:\/\/www.calandreta-pamias.fr\/wp-content\/uploads\/2021\/05\/accueilok-e1620646899234-1.jpg 737w, https:\/\/www.calandreta-pamias.fr\/wp-content\/uploads\/2021\/05\/accueilok-e1620646899234-1-300x293.jpg 300w\" sizes=\"auto, (max-width: 737px) 100vw, 737px\" \/><\/figure><div class=\"wp-block-media-text__content\">\n<div style=\"height:64px;\" aria-hidden=\"true\" class=\"wp-block-spacer\"><\/div>\n\n\n\n<h1 class=\"wp-block-heading\">Calandreta del Pa\u00eds de Pamias<\/h1>\n\n\n\n<p>\u00c9cole immersive, \u00e0 Pamiers depuis 1994. Immersion en Occitan<br>Enseignement La\u00efque. P\u00e9dagogies actives. Engagement des parents<\/p>\n\n\n\n<div class=\"wp-block-button is-style-outline is-style-outline--1\"><a class=\"wp-block-button__link has-background-color has-text-color\" href=\"\/contact\">Contactez-nous<\/a><\/div>\n\n\n\n<div style=\"height:64px;\" aria-hidden=\"true\" class=\"wp-block-spacer\"><\/div>\n\n\n\n<p><\/p>\n<\/div><\/div>\n\n\n\n<div class=\"wp-block-group alignfull has-background-background-color has-background\"><div class=\"wp-block-group__inner-container is-layout-flow wp-block-group-is-layout-flow\">\n<h2 class=\"has-text-align-center margin-top-half wp-block-heading\">Calandreta, qu&rsquo;es aquo ?<\/h2>\n\n\n\n<p class=\"has-text-align-center margin-bottom-half has-small-font-size\">La Calandreta est une \u00e9cole occitane, associative, priv\u00e9e sous contrat avec l\u2019\u00c9tat. Elle est la\u00efque et assure un service public d\u2019\u00e9ducation. Elle est g\u00e9r\u00e9e par une association loi 1901. Elle suit les programmes de l\u2019Education Nationale. Elle utilise une m\u00e9thode en immersion linguistique. Elle utilise des p\u00e9dagogies actives privil\u00e9giant l\u2019ouverture sur l\u2019ext\u00e9rieur, la responsabilit\u00e9 et l\u2019autonomie des \u00e9l\u00e8ves.<\/p>\n\n\n\n<hr class=\"wp-block-separator\" \/>\n\n\n\n<div class=\"wp-block-columns alignwide is-layout-flex wp-container-core-columns-is-layout-28f84493 wp-block-columns-is-layout-flex\">\n<div class=\"wp-block-column is-layout-flow wp-block-column-is-layout-flow\">\n<figure class=\"wp-block-image size-large\"><img loading=\"lazy\" decoding=\"async\" width=\"303\" height=\"302\" src=\"https:\/\/calandreta.sytes.net\/wordpress\/wp-content\/uploads\/2021\/05\/fichier-7-1.png?w=303\" alt=\"\" class=\"wp-image-251\" srcset=\"https:\/\/www.calandreta-pamias.fr\/wp-content\/uploads\/2021\/05\/fichier-7-1.png 303w, https:\/\/www.calandreta-pamias.fr\/wp-content\/uploads\/2021\/05\/fichier-7-1-300x300.png 300w, https:\/\/www.calandreta-pamias.fr\/wp-content\/uploads\/2021\/05\/fichier-7-1-150x150.png 150w\" sizes=\"auto, (max-width: 303px) 100vw, 303px\" \/><\/figure>\n\n\n\n<p>Calandreta est un ensemble d\u2019associations qui vivent de la participation des parents \u00e0 tous les niveaux. Ils accompagnent le d\u00e9veloppement de l\u2019\u00e9cole et s\u2019associent aux enseignants pour mener les projets de l\u2019\u00e9cole.<\/p>\n<\/div>\n\n\n\n<div class=\"wp-block-column is-layout-flow wp-block-column-is-layout-flow\">\n<figure class=\"wp-block-image size-large is-resized\"><img loading=\"lazy\" decoding=\"async\" src=\"https:\/\/calandreta.sytes.net\/wordpress\/wp-content\/uploads\/2021\/05\/pedagogie-active-2-1.png?w=303\" alt=\"\" class=\"wp-image-252\" width=\"303\" height=\"302\" srcset=\"https:\/\/www.calandreta-pamias.fr\/wp-content\/uploads\/2021\/05\/pedagogie-active-2-1.png 303w, https:\/\/www.calandreta-pamias.fr\/wp-content\/uploads\/2021\/05\/pedagogie-active-2-1-300x298.png 300w, https:\/\/www.calandreta-pamias.fr\/wp-content\/uploads\/2021\/05\/pedagogie-active-2-1-150x150.png 150w\" sizes=\"auto, (max-width: 303px) 100vw, 303px\" \/><\/figure>\n\n\n\n<p>La p\u00e9dagogie Calandreta consiste \u00e0 : donner la parole \u00e0 l\u2019enfant, le rendre autonome pour r\u00e9guler la vie de groupe et l\u2019utiliser comme vecteur d\u2019apprentissage. \u00c0 ce titre elle s\u2019inspire de la p\u00e9dagogie institutionnelle et des techniques Freinet.<\/p>\n<\/div>\n\n\n\n<div class=\"wp-block-column is-layout-flow wp-block-column-is-layout-flow\">\n<figure class=\"wp-block-image size-large is-resized\"><img loading=\"lazy\" decoding=\"async\" src=\"https:\/\/calandreta.sytes.net\/wordpress\/wp-content\/uploads\/2021\/05\/immersion_occitan-2-1.png?w=329\" alt=\"\" class=\"wp-image-253\" width=\"303\" height=\"302\" \/><\/figure>\n\n\n\n<p>La m\u00e9thode d\u2019immersion linguistique est utilis\u00e9e d\u00e8s la maternelle, afin de valoriser et de d\u00e9velopper les capacit\u00e9s d\u2019enfants tr\u00e8s jeunes \u00e0 acqu\u00e9rir une deuxi\u00e8me langue. Tous les domaines d\u2019apprentissage sont enseign\u00e9s en langue occitane.<\/p>\n<\/div>\n<\/div>\n\n\n\n<div style=\"height:32px;\" aria-hidden=\"true\" class=\"wp-block-spacer\"><\/div>\n<\/div><\/div>\n\n\n\n<div class=\"wp-block-cover alignfull has-background-dim-30 has-background-dim is-style-default\"><img decoding=\"async\" class=\"wp-block-cover__image-background wp-image-108\" alt=\"\" src=\"https:\/\/calandreta.sytes.net\/wordpress\/wp-content\/uploads\/2021\/05\/dsc00514-e1620647887974-1.jpg\" data-object-fit=\"cover\" \/><div class=\"wp-block-cover__inner-container is-layout-flow wp-block-cover-is-layout-flow\">\n<div style=\"height:102px;\" aria-hidden=\"true\" class=\"wp-block-spacer\"><\/div>\n\n\n\n<p class=\"has-text-align-center margin-bottom-half has-small-font-size\"><strong>\u00c0 propos de nous<\/strong><\/p>\n\n\n\n<h2 class=\"has-text-align-center margin-top-half wp-block-heading\">Notre \u00e9cole en quelques chiffres<\/h2>\n\n\n\n<hr class=\"wp-block-separator\" \/>\n\n\n\n<div class=\"wp-block-columns alignwide is-layout-flex wp-container-core-columns-is-layout-28f84493 wp-block-columns-is-layout-flex\">\n<div class=\"wp-block-column is-layout-flow wp-block-column-is-layout-flow\">\n<h2 class=\"has-text-align-center margin-bottom-none wp-block-heading\"><strong>17<\/strong><\/h2>\n\n\n\n<p class=\"has-text-align-center margin-top-none\">ann\u00e9es d&rsquo;existence<\/p>\n<\/div>\n\n\n\n<div class=\"wp-block-column is-layout-flow wp-block-column-is-layout-flow\">\n<h2 class=\"has-text-align-center margin-bottom-none wp-block-heading\">2,5<\/h2>\n\n\n\n<p class=\"has-text-align-center margin-top-none\">l&rsquo;\u00e2ge d&rsquo;entr\u00e9e, d\u00e8s la TPS<\/p>\n<\/div>\n\n\n\n<div class=\"wp-block-column is-layout-flow wp-block-column-is-layout-flow\">\n<h2 class=\"has-text-align-center margin-bottom-none wp-block-heading\">130<\/h2>\n\n\n\n<p class=\"has-text-align-center margin-top-none\">adh\u00e9rents<\/p>\n<\/div>\n\n\n\n<div class=\"wp-block-column is-layout-flow wp-block-column-is-layout-flow\">\n<h2 class=\"has-text-align-center margin-bottom-none wp-block-heading\">9<\/h2>\n\n\n\n<p class=\"has-text-align-center margin-top-none\">l&rsquo;\u00e9quipe enseignante :<br>4 ma\u00eetresses et 5 salari\u00e9s<\/p>\n<\/div>\n<\/div>\n\n\n\n<div style=\"height:32px;\" aria-hidden=\"true\" class=\"wp-block-spacer\"><\/div>\n<\/div><\/div>\n\n\n\n<div class=\"wp-block-group alignfull\"><div class=\"wp-block-group__inner-container is-layout-flow wp-block-group-is-layout-flow\">\n<div style=\"height:32px;\" aria-hidden=\"true\" class=\"wp-block-spacer\"><\/div>\n\n\n\n<div class=\"wp-block-media-text alignwide is-stacked-on-mobile is-image-fill\"><figure class=\"wp-block-media-text__media\" style=\"background-image:url('https:\/\/calandreta.sytes.net\/wordpress\/wp-content\/uploads\/2021\/05\/dsc00338-1.jpg?w=683');background-position:50% 50%;\"><img decoding=\"async\" src=\"https:\/\/calandreta.sytes.net\/wordpress\/wp-content\/uploads\/2021\/05\/dsc00338-1.jpg?w=683\" alt=\"\" class=\"wp-image-87 size-full\" \/><\/figure><div class=\"wp-block-media-text__content\">\n<div style=\"height:32px;\" aria-hidden=\"true\" class=\"wp-block-spacer\"><\/div>\n\n\n\n<h3 class=\"wp-block-heading\">L&rsquo;espace occitan, un lieu, 3 associations :<\/h3>\n\n\n\n<p>L&rsquo;\u00e9cole Calandreta est l&rsquo;un des piliers d&rsquo;un regroupement d&rsquo;associations qui contribuent \u00e0 faire vivre l&rsquo;occitan, sa culture, son imaginaire : <\/p>\n\n\n\n<ul class=\"wp-block-list\"><li>L&rsquo;Institut d\u2019\u00c9tudes Occitane <\/li><li>La Lauseta<\/li><li>La Calandreta<\/li><\/ul>\n\n\n\n<p>L&rsquo;id\u00e9e principale : ancrer l&rsquo;occitan dans l&rsquo;avenir, en le transmettant \u00e0 des g\u00e9n\u00e9rations d&rsquo;enfants autonomes et ouverts au monde, form\u00e9s gr\u00e2ce \u00e0 la p\u00e9dagogie active.<\/p>\n\n\n\n<div style=\"height:32px;\" aria-hidden=\"true\" class=\"wp-block-spacer\"><\/div>\n<\/div><\/div>\n\n\n\n<div style=\"height:32px;\" aria-hidden=\"true\" class=\"wp-block-spacer\"><\/div>\n\n\n\n<div style=\"height:32px;\" aria-hidden=\"true\" class=\"wp-block-spacer\"><\/div>\n\n\n\n<div class=\"wp-block-columns alignwide margin-top-none is-layout-flex wp-container-core-columns-is-layout-28f84493 wp-block-columns-is-layout-flex\">\n<div class=\"wp-block-column is-layout-flow wp-block-column-is-layout-flow\">\n<p class=\"has-text-align-center margin-top-half\"><strong>\u00ab&nbsp;Une grande autonomie&nbsp;\u00bb<\/strong><\/p>\n\n\n\n<p class=\"has-text-align-center margin-bottom-none has-small-font-size\">Mon enfant a pass\u00e9 8 ann\u00e9es au cours desquelles il a d\u00e9velopp\u00e9 une vraie autonomie et un esprit d&rsquo;entreprise qui lui sont encore utiles aujourd&rsquo;hui \u00e0 l&rsquo;\u00e2ge adulte.<\/p>\n\n\n\n<p class=\"has-text-align-center margin-top-none has-small-font-size\"><strong>G\u00e9rard, parent d&rsquo;\u00e9l\u00e8ve de 2008 \u00e0 2012<\/strong><\/p>\n<\/div>\n\n\n\n<div class=\"wp-block-column is-layout-flow wp-block-column-is-layout-flow\">\n<p class=\"has-text-align-center margin-top-half\"><strong>\u00ab&nbsp;L&rsquo;immersion linguistique, un tremplin \u00bb<\/strong><\/p>\n\n\n\n<p class=\"has-text-align-center margin-bottom-none has-small-font-size\">Une p\u00e9dagogie orient\u00e9e autour du groupe et de la collaboration. L&rsquo;immersion dans une autre langue a \u00e9t\u00e9 un vrai tremplin pour l&rsquo;ouverture au monde de Mathias.<\/p>\n\n\n\n<p class=\"has-text-align-center margin-top-none has-small-font-size\"><strong>Isabelle, parent d&rsquo;\u00e9l\u00e8ve de 2006 \u00e0 2014<\/strong><\/p>\n<\/div>\n<\/div>\n<\/div><\/div>\n\n\n\n<div style=\"height:60px;\" aria-hidden=\"true\" class=\"wp-block-spacer\"><\/div>\n\n\n\n<div class=\"wp-block-group alignfull has-foreground-color has-primary-background-color has-text-color has-background\"><div class=\"wp-block-group__inner-container is-layout-flow wp-block-group-is-layout-flow\">\n<div style=\"height:32px;\" aria-hidden=\"true\" class=\"wp-block-spacer\"><\/div>\n\n\n\n<p class=\"has-text-align-center margin-bottom-half has-small-font-size\"><strong>Envie d&rsquo;avoir de nos nouvelles ?<\/strong><\/p>\n\n\n\n<h3 class=\"has-text-align-center margin-top-half wp-block-heading\">Le blog de nos \u00e9l\u00e8ves<\/h3>\n\n\n\n<hr class=\"wp-block-separator\" \/>\n\n\n<ul class=\"wp-block-latest-posts__list is-grid columns-3 has-dates alignwide wp-block-latest-posts\"><li><a class=\"wp-block-latest-posts__post-title\" href=\"https:\/\/www.calandreta-pamias.fr\/?p=94\">Derni\u00e8res nouvelles du Cycle 1<\/a><time datetime=\"2020-06-25T21:23:01+01:00\" class=\"wp-block-latest-posts__post-date\">juin 25, 2020<\/time><div class=\"wp-block-latest-posts__post-excerpt\">Camilla per la classa de cicle 1 S\u00e8m tornats en classa apr\u00e8p vacan\u00e7as cambiadas tan coma abelhas dins lorrusca !!! E tomba plan, aqueste peri\u00f2de es lo n\u00f2stre t\u00e8ma!! Doncas, nos anam descobrir aquel monde pichon mas talament important per<a class=\"more-link\" href=\"https:\/\/www.calandreta-pamias.fr\/?p=94\">Lire la suite <span class=\"screen-reader-text\">\u00ab\u00a0Derni\u00e8res nouvelles du Cycle 1\u00a0\u00bb<\/span><\/a><\/div><\/li>\n<li><a class=\"wp-block-latest-posts__post-title\" href=\"https:\/\/www.calandreta-pamias.fr\/?p=95\">Un coaching r\u00e9ussi pour la Calandreta<\/a><time datetime=\"2020-06-25T21:23:00+01:00\" class=\"wp-block-latest-posts__post-date\">juin 25, 2020<\/time><div class=\"wp-block-latest-posts__post-excerpt\">Ca y est !!! Nous arrivons au terme de notre travail avec le coach. Les trois copr\u00e9sidents ont pu b\u00e9n\u00e9ficier d\u2019un compte rendu tr\u00e8s complet que nous vous pr\u00e9senterons prochainement \u00e0 toutes et \u00e0 tous.Plusieurs \u00e9l\u00e9ments nous ont saut\u00e9s aux<a class=\"more-link\" href=\"https:\/\/www.calandreta-pamias.fr\/?p=95\">Lire la suite <span class=\"screen-reader-text\">\u00ab\u00a0Un coaching r\u00e9ussi pour la Calandreta\u00a0\u00bb<\/span><\/a><\/div><\/li>\n<li><a class=\"wp-block-latest-posts__post-title\" href=\"https:\/\/www.calandreta-pamias.fr\/?p=96\">Num\u00e9ro 5 \u2013Mai de 20214 Maria-Anna per la classa de cicle 3<\/a><time datetime=\"2020-06-25T21:22:59+01:00\" class=\"wp-block-latest-posts__post-date\">juin 25, 2020<\/time><div class=\"wp-block-latest-posts__post-excerpt\">La classa de CE2-CM1 se retr\u00f2ba apr\u00e8p una setmana de trabalh a dist\u00e0ncia e doas setmanas de repaus. Gr\u00e0cias a la classa virtuala mesa a disposicion de la Confederacion de las Calandretas, qu\u2019utiliza un logicial liure, ag\u00e8rem pas los probl\u00e8mas<a class=\"more-link\" href=\"https:\/\/www.calandreta-pamias.fr\/?p=96\">Lire la suite <span class=\"screen-reader-text\">\u00ab\u00a0Num\u00e9ro 5 \u2013Mai de 20214 Maria-Anna per la classa de cicle 3\u00a0\u00bb<\/span><\/a><\/div><\/li>\n<\/ul>\n\n\n<div class=\"wp-block-button aligncenter is-style-outline is-style-outline--2\"><a class=\"wp-block-button__link has-background-color has-text-color\" href=\"\/recipes\">Voir plus d&rsquo;articles<\/a><\/div>\n\n\n\n<div style=\"height:32px;\" aria-hidden=\"true\" class=\"wp-block-spacer\"><\/div>\n<\/div><\/div>\n","protected":false},"excerpt":{"rendered":"<p>Calandreta, qu&rsquo;es aquo ? La Calandreta est une \u00e9cole occitane, associative, priv\u00e9e sous contrat avec l\u2019\u00c9tat. Elle est la\u00efque et assure un service public d\u2019\u00e9ducation. Elle est g\u00e9r\u00e9e par une association loi 1901. Elle suit les programmes de l\u2019Education Nationale. Elle utilise une m\u00e9thode en immersion linguistique. Elle utilise des p\u00e9dagogies actives privil\u00e9giant l\u2019ouverture sur<a class=\"more-link\" href=\"https:\/\/www.calandreta-pamias.fr\/\">Lire la suite <span class=\"screen-reader-text\">\u00ab\u00a0Accueil\u00a0\u00bb<\/span><\/a><\/p>\n","protected":false},"author":1,"featured_media":0,"parent":0,"menu_order":0,"comment_status":"closed","ping_status":"closed","template":"","meta":{"footnotes":""},"class_list":["post-136","page","type-page","status-publish","hentry","entry"],"_links":{"self":[{"href":"https:\/\/www.calandreta-pamias.fr\/index.php?rest_route=\/wp\/v2\/pages\/136","targetHints":{"allow":["GET"]}}],"collection":[{"href":"https:\/\/www.calandreta-pamias.fr\/index.php?rest_route=\/wp\/v2\/pages"}],"about":[{"href":"https:\/\/www.calandreta-pamias.fr\/index.php?rest_route=\/wp\/v2\/types\/page"}],"author":[{"embeddable":true,"href":"https:\/\/www.calandreta-pamias.fr\/index.php?rest_route=\/wp\/v2\/users\/1"}],"replies":[{"embeddable":true,"href":"https:\/\/www.calandreta-pamias.fr\/index.php?rest_route=%2Fwp%2Fv2%2Fcomments&post=136"}],"version-history":[{"count":0,"href":"https:\/\/www.calandreta-pamias.fr\/index.php?rest_route=\/wp\/v2\/pages\/136\/revisions"}],"wp:attachment":[{"href":"https:\/\/www.calandreta-pamias.fr\/index.php?rest_route=%2Fwp%2Fv2%2Fmedia&parent=136"}],"curies":[{"name":"wp","href":"https:\/\/api.w.org\/{rel}","templated":true}]}}